{"id":2,"date":"2023-10-11T11:38:56","date_gmt":"2023-10-11T09:38:56","guid":{"rendered":"https:\/\/sgkm2024.unine.ch\/?page_id=2"},"modified":"2024-04-18T10:07:35","modified_gmt":"2024-04-18T08:07:35","slug":"page-d-exemple","status":"publish","type":"page","link":"https:\/\/sgkm2024.unine.ch\/?page_id=2&lang=fr","title":{"rendered":"Conf\u00e9rence de la SSCM"},"content":{"rendered":"\n<div class=\"wp-block-columns is-layout-flex wp-container-core-columns-is-layout-28f84493 wp-block-columns-is-layout-flex\">\n<div class=\"wp-block-column is-layout-flow wp-block-column-is-layout-flow\">\n<h4 class=\"wp-block-heading\">Universit\u00e9 de Neuch\u00e2tel<br><strong>18 et 19 avril 2024<\/strong><\/h4>\n\n\n\n<div class=\"wp-block-buttons is-layout-flex wp-block-buttons-is-layout-flex\">\n<div class=\"wp-block-button\"><a class=\"wp-block-button__link wp-element-button\" href=\"https:\/\/sgkm2024.unine.ch\/wp-content\/uploads\/2024\/04\/SACM-SGKM-UNINE-Conference-Program-2024-\u2013-March.pdf\" target=\"_blank\" rel=\"noreferrer noopener\">Programme<\/a><\/div>\n<\/div>\n<\/div>\n\n\n\n<div class=\"wp-block-column is-layout-flow wp-block-column-is-layout-flow\">\n<figure class=\"wp-block-image size-full is-resized\"><img loading=\"lazy\" decoding=\"async\" width=\"1024\" height=\"585\" src=\"https:\/\/sgkm2024.unine.ch\/wp-content\/uploads\/2024\/02\/image.png\" alt=\"This image has an empty alt attribute; its file name is DALLE-2023-10-31-TheComAndMediaCompass-1024x585.png\" class=\"wp-image-448\" style=\"width:370px;height:auto\" srcset=\"https:\/\/sgkm2024.unine.ch\/wp-content\/uploads\/2024\/02\/image.png 1024w, https:\/\/sgkm2024.unine.ch\/wp-content\/uploads\/2024\/02\/image-300x171.png 300w, https:\/\/sgkm2024.unine.ch\/wp-content\/uploads\/2024\/02\/image-768x439.png 768w\" sizes=\"auto, (max-width: 1024px) 100vw, 1024px\" \/><\/figure>\n<\/div>\n<\/div>\n\n\n\n<div class=\"wp-block-group has-small-font-size has-global-padding is-layout-constrained wp-container-core-group-is-layout-6a371fc2 wp-block-group-is-layout-constrained\" style=\"padding-right:0;padding-left:0\">\n<ul class=\"wp-block-list\">\n<li><strong>Quoi?<\/strong> La 24<sup>e<\/sup> conf\u00e9rence annuelle de la Soci\u00e9t\u00e9 suisse des sciences de la communication et des m\u00e9dias (<a href=\"https:\/\/sgkm.ch\/fr\/\" target=\"_blank\" rel=\"noreferrer noopener\">SSCM<\/a>) <\/li>\n\n\n\n<li><strong>Quand?<\/strong> 18 et 19 avril 2024<\/li>\n\n\n\n<li><strong>O\u00f9?<\/strong> <a href=\"https:\/\/www.unine.ch\/unine\/home\/contact_1\/localisation-des-batiments.html\" target=\"_blank\" rel=\"noreferrer noopener\">Universit\u00e9 de Neuch\u00e2tel<\/a>, Avenue du 1er Mars 26, Neuch\u00e2tel. L&#8217;ensemble de la conf\u00e9rence se tiendra au 2e \u00e9tage du b\u00e2timent principal de l&#8217;Universit\u00e9.<\/li>\n\n\n\n<li><strong>Pour qui? <\/strong>Chercheuses, chercheurs, praticiennes et praticiens de la communication et des m\u00e9dias<\/li>\n\n\n\n<li><strong>Par qui? <\/strong><a href=\"https:\/\/www.unine.ch\/ajm\" target=\"_blank\" rel=\"noreferrer noopener\">Acad\u00e9mie du Journalisme et des M\u00e9dias <\/a>de l&#8217;UniNE<\/li>\n\n\n\n<li><strong>Quoi d&#8217;autre ?<\/strong> Ev\u00e9nement anniversaire pour l<strong>es 50 ans de la SCCM<\/strong>!<\/li>\n<\/ul>\n\n\n\n<h4 class=\"wp-block-heading\"><strong>Durabilit\u00e9 et r\u00e9silience dans la communication et les m\u00e9dias<\/strong><\/h4>\n\n\n\n<p>Le journalisme, les m\u00e9dias et la communication font face \u00e0 des d\u00e9fis majeurs : crises politiques, soci\u00e9tales, \u00e9cologiques, internationales ou \u00e9conomiques, \u00e9mergence de technologies disruptives ou encore multiplication des plateformes de diffusion chamboulent leurs conditions d\u2019exercice. Le champ de la communication et des m\u00e9dias s\u2019adapte et accompagne ces changements majeurs tout en les visibilisant. Comment les chercheuses, chercheurs, praticiennes et praticiens s&#8217;interrogent ensemble sur ces bouleversements, mais aussi sur les r\u00e9ponses qu&#8217;y apportent les actrices et acteurs de la communication et des m\u00e9dias, et sur les nouveaux mod\u00e8les qui se dessinent? <strong>Quels sont les types de r\u00e9silience d\u00e9ploy\u00e9s par les praticien-ne-s et les chercheuses et chercheurs en communication et en m\u00e9dias dans le contexte actuel&nbsp;? Et quelles sont les solutions durables qu&#8217;elles et ils imaginent dans leur domaine respectif&nbsp;?<\/strong><\/p>\n\n\n\n<h4 class=\"wp-block-heading\"><strong>Discours d&#8217;ouverture<\/strong><\/h4>\n\n\n\n<h5 class=\"wp-block-heading\">Jeudi 18 Avril : <strong>Erik Neveu<\/strong> <\/h5>\n\n\n\n<h6 class=\"wp-block-heading\">Some challenges of the new communicational (dis)order. Resisting myths and panics, REinventing regulations<\/h6>\n\n\n\n<figure class=\"wp-block-image alignleft is-resized\"><img loading=\"lazy\" decoding=\"async\" width=\"500\" height=\"750\" src=\"https:\/\/sgkm2024.unine.ch\/wp-content\/uploads\/2024\/02\/Neveu_Photo-1-e1708095726303.png\" alt=\"\" class=\"wp-image-369\" style=\"width:289px;height:auto\"\/><\/figure>\n\n\n\n<p class=\"has-text-align-left\">Erik NEVEU est professeur \u00e9m\u00e9rite de sciences politiques \u00e0 Sciences Po Rennes (France). Il a enseign\u00e9 dans des \u00e9coles de journalisme \u00e0 Rennes et \u00e0 Neuch\u00e2tel. Ses th\u00e8mes de recherche ont vari\u00e9 au cours de sa vie professionnelle, des Cultural studies \u00e0 la sociologie des probl\u00e8mes sociaux et des mouvements sociaux (ces derni\u00e8res questions lui ont donn\u00e9 l&#8217;occasion de publier avec des coll\u00e8gues suisses : Globalizing Issues &#8211; Palgrave, 2021 avec Muriel Surdez, Eds, de l&#8217;Universit\u00e9 de Fribourg et &#8221; Activists Forever ! &#8220;(Cambridge University Press, 2019 &#8211; avec Olivier Fillieule de l&#8217;Universit\u00e9 de Lausanne). Mais une part importante de ses recherches a \u00e9t\u00e9 consacr\u00e9e \u00e0 une r\u00e9flexion sur les promesses et les menaces de &#8221; La soci\u00e9t\u00e9 de communication &#8221; (LGDJ, 6e \u00e9dition, 2020), sur la sph\u00e8re publique, les m\u00e9dias et le journalisme : &#8221; Political Journalism, New Challenges, New Practices &#8221; &#8211; Routledge 2002, avec Raymond Kunh, Eds &#8211; et&nbsp; &#8221; Bourdieu<span style=\"font-size: revert; color: var(--wp--preset--color--contrast); font-family: var(--wp--preset--font-family--system-font); background-color: var(--wp--preset--color--base);\"> and the journalistic field &#8221; &#8211; avec Rod Benson, Eds, Polity 2005.<\/span><\/p>\n\n\n\n<h5 class=\"wp-block-heading\">Vendredi 19 avril : <strong>Anna Jobin<\/strong><\/h5>\n\n\n\n<h6 class=\"wp-block-heading\">WHEN MEDIA COMES TO MATTER<\/h6>\n\n\n\n<figure class=\"wp-block-image alignleft\"><img loading=\"lazy\" decoding=\"async\" width=\"300\" height=\"300\" src=\"https:\/\/sgkm2024.unine.ch\/wp-content\/uploads\/2024\/02\/web_anna_jobin_18012024_\u00a9pierre_yves_massot_02A2888-CUT-300x300.jpg\" alt=\"\" class=\"wp-image-395\" srcset=\"https:\/\/sgkm2024.unine.ch\/wp-content\/uploads\/2024\/02\/web_anna_jobin_18012024_\u00a9pierre_yves_massot_02A2888-CUT-300x300.jpg 300w, https:\/\/sgkm2024.unine.ch\/wp-content\/uploads\/2024\/02\/web_anna_jobin_18012024_\u00a9pierre_yves_massot_02A2888-CUT-150x150.jpg 150w, https:\/\/sgkm2024.unine.ch\/wp-content\/uploads\/2024\/02\/web_anna_jobin_18012024_\u00a9pierre_yves_massot_02A2888-CUT.jpg 643w\" sizes=\"auto, (max-width: 300px) 100vw, 300px\" \/><\/figure>\n\n\n\n<p class=\"has-text-align-left\">Anna JOBIN est ma\u00eetre assistante et charg\u00e9e de cours \u00e0 l&#8217;Universit\u00e9 de Fribourg, ainsi que chercheuse affili\u00e9e \u00e0 l&#8217;Institut Alexander von Humboldt pour l&#8217;Internet et la soci\u00e9t\u00e9 (HIIG) \u00e0 Berlin. Ses recherches portent sur le lien entre la technologie num\u00e9rique et la soci\u00e9t\u00e9, et plus particuli\u00e8rement sur les dimensions sociales et \u00e9thiques de l&#8217;IA et des syst\u00e8mes algorithmiques. Ses travaux ont \u00e9t\u00e9 publi\u00e9s dans Nature Machine Intelligence, Social Media &amp; Society et AI &amp; Society. Anna Jobin a co\u00e9dit\u00e9 un num\u00e9ro sp\u00e9cial sur les controverses li\u00e9es \u00e0 l&#8217;IA pour Big Data &amp; Society avec Noortje Marres, Christian Katzenbach et Anders Munk. Elle est membre du conseil d&#8217;administration de l&#8217;association suisse STS et membre inaugurale de la Swiss Young Academy. En outre, elle&nbsp;b\u00e2tit des liens&nbsp;entre le monde universitaire et la politique en tant que pr\u00e9sidente de la&nbsp;Commission f\u00e9d\u00e9rale des m\u00e9dias (COFEM). <br>Photo \u00a9 Pierre-Yves Massot<\/p>\n<\/div>\n\n\n\n<h4 class=\"wp-block-heading\" id=\"programme\" style=\"margin-top:var(--wp--preset--spacing--30);margin-bottom:var(--wp--preset--spacing--30)\"><strong>Programme<\/strong><\/h4>\n\n\n\n<p class=\"has-small-font-size\">Consultez <a href=\"https:\/\/sgkm2024.unine.ch\/wp-content\/uploads\/2024\/03\/SACM-SGKM-UNINE-Conference-Program-2024-March2024.pdf\" target=\"_blank\" rel=\"noreferrer noopener\">le programme complet ici <\/a><\/p>\n\n\n\n<p class=\"has-large-font-size\"><strong><mark style=\"background-color:rgba(0, 0, 0, 0)\" class=\"has-inline-color has-primary-color\">Mercredi 17 avril <\/mark><\/strong><\/p>\n\n\n\n<ul class=\"has-small-font-size wp-block-list\">\n<li><strong>Accueil des participants<\/strong> de 18h00 \u00e0 20h00, Universit\u00e9 de Neuch\u00e2tel, B\u00e2timent principal, Av. du 1er mars 26, 2000 Neuch\u00e2tel, 2e \u00e9tage, salle D59<\/li>\n<\/ul>\n\n\n\n<p class=\"has-large-font-size\"><mark style=\"background-color:rgba(0, 0, 0, 0)\" class=\"has-inline-color has-primary-color\"><strong>Jeudi 18 avril  <\/strong><\/mark><\/p>\n\n\n\n<div class=\"wp-block-cover alignright\" style=\"min-height:244px;aspect-ratio:unset;\"><span aria-hidden=\"true\" class=\"wp-block-cover__background has-background-dim\"><\/span><img loading=\"lazy\" decoding=\"async\" width=\"252\" height=\"166\" class=\"wp-block-cover__image-background wp-image-242\" alt=\"\" src=\"https:\/\/sgkm2024.unine.ch\/wp-content\/uploads\/2023\/10\/365-1.gif\" data-object-fit=\"cover\"\/><div class=\"wp-block-cover__inner-container is-layout-flow wp-block-cover-is-layout-flow\">\n<p><\/p>\n\n\n\n<p class=\"has-text-align-center has-large-font-size\">Happy Birthday!<\/p>\n<\/div><\/div>\n\n\n\n<ul class=\"wp-block-list\">\n<li class=\"has-small-font-size\">d\u00e8s 8h00 : <strong>Accueil et caf\u00e9 de bienvenue<\/strong><\/li>\n\n\n\n<li class=\"has-small-font-size\">9h00: <strong>Mot de bienvenue<\/strong><\/li>\n\n\n\n<li class=\"has-small-font-size\">9h20: <strong>Keynote \u201cSome Challenges of the New Communicational (dis)order. Resisting<\/strong> <strong>Myths and Panics, Reinventing Regulations\u201d, Erik Neveu (Sciences Po Rennes)<\/strong><\/li>\n\n\n\n<li class=\"has-small-font-size\">10h30: <strong>Panels and Paper sessions<\/strong><\/li>\n\n\n\n<li class=\"has-small-font-size\">12h00: <strong>D\u00e9jeuner<\/strong><\/li>\n\n\n\n<li class=\"has-small-font-size\"> 13h30 : <strong>Panels and Paper sessions<\/strong><\/li>\n\n\n\n<li class=\"has-small-font-size\">15h30: <strong>Panel &#8220;Sp\u00e9cial 50 ans de la SSCM\/SGKM&#8221;<\/strong><\/li>\n\n\n\n<li class=\"has-small-font-size\"><strong>Assembl\u00e9e g\u00e9n\u00e9rale de la SSCM avec la remise du<\/strong> <strong>prix pour la meilleure th\u00e8se SSCM <\/strong>et le<strong> prix du meilleur article (&#8220;Best Paper Award&#8221;) de la revue SComS.<\/strong>  Pour en savoir plus sur les prix, rendez-vous ici: <a href=\"https:\/\/sgkm.ch\/fr\/encouragement\/preise\" target=\"_blank\" rel=\"noreferrer noopener\">https:\/\/sgkm.ch\/fr\/encouragement\/preise<\/a> <\/li>\n\n\n\n<li class=\"has-small-font-size\"><strong>Soir\u00e9e 50<sup>e<\/sup> anniversaire de la SSCM<\/strong>, H\u00f4tel du Peyrou, Neuch\u00e2tel<\/li>\n\n\n\n<li class=\"has-small-font-size\">Here you&#8217;ll find an educational file on the H\u00f4tel du Peyrou, produced by the city of Neuch\u00e2tel, with texts and links to videos. <a href=\"https:\/\/sgkm2024.unine.ch\/wp-content\/uploads\/2024\/04\/DuPeyrou-doc-pedagogique-Neuchatel.pdf\">Here in French<\/a><\/li>\n<\/ul>\n\n\n\n<p class=\"has-large-font-size\"><mark style=\"background-color:rgba(0, 0, 0, 0)\" class=\"has-inline-color has-primary-color\"><strong>Vendredi 19 avril <\/strong><\/mark><\/p>\n\n\n\n<ul class=\"wp-block-list\">\n<li class=\"has-small-font-size\">8h00:<strong> Accueil et caf\u00e9 de bienvenue<\/strong><\/li>\n\n\n\n<li class=\"has-small-font-size\">9h00: <strong>Keynote \u201cWhen Media Comes to Matter\u201d, Anna Jobin (University of Fribourg)<\/strong><\/li>\n\n\n\n<li class=\"has-small-font-size\">10h00: <strong>Science meets Practice and Paper Sessions<\/strong><\/li>\n\n\n\n<li class=\"has-small-font-size\">11h30: <strong>Rencontres des groupes th\u00e9matiques de la SSCM\/SGKM<\/strong><\/li>\n\n\n\n<li class=\"has-small-font-size\">12h30: <strong>D\u00e9jeuner<\/strong><\/li>\n\n\n\n<li class=\"has-small-font-size\">13h45: <strong>Paper and Science meets Practice Sessions <\/strong><\/li>\n\n\n\n<li class=\"has-small-font-size\">15h15: <strong>Remise du prix de la Fondation Ulrich Saxer (&#8220;Best Presentation Award&#8221;).<\/strong> La soci\u00e9t\u00e9 suisse des sciences de la communication et des m\u00e9dias (SSCM) promeut l&#8217;excellence en mati\u00e8re de recherche scientifique par l&#8217;attribution annuelle d&#8217;un prix de la meilleure pr\u00e9sentation (&#8220;<strong>Best Presentation Award<\/strong>&#8220;) pour une pr\u00e9sentation au congr\u00e8s annuel de la SSCM, offert par la&nbsp;<a href=\"https:\/\/www.ikmz.uzh.ch\/en\/department\/networks\/saxer-foundation.html\" target=\"_blank\" rel=\"noreferrer noopener\">Fondation Ulrich Saxer<\/a>. Lors de chaque congr\u00e8s annuel, un jury est mis en place, qui se base sur les recensions des r\u00e9sum\u00e9s soumis et \u00e9value en outre les pr\u00e9sentations effectives. Une laur\u00e9ate ou un laur\u00e9at est ensuite d\u00e9sign\u00e9 sur la base de la combinaison des r\u00e9sultats des recensions et de l&#8217;\u00e9valuation des pr\u00e9sentations. Le prix est dot\u00e9 de 500 francs par pr\u00e9sentation. <a href=\"https:\/\/sgkm.ch\/download\/303\/Reglement_Saxer-Stiftung_2022.pdf\">R\u00e8glement pour le prix de la Fondation Ulrich Saxer \u00e0 la conf\u00e9rence annuelle de la SSCM (en allemand)<\/a><\/li>\n\n\n\n<li class=\"has-small-font-size\">15h40: <strong>Mot de conclusion<\/strong> de la 24e conf\u00e9rence annuelle de la SSCM\/SGKM<\/li>\n<\/ul>\n\n\n\n<h4 class=\"wp-block-heading\" id=\"inscriptions\"><strong>Inscriptions<\/strong><\/h4>\n\n\n\n<ul class=\"wp-block-list\">\n<li class=\"has-small-font-size\"><strong>Quand ?<\/strong> Les inscriptions seront ouvertes <strong>de janvier 2024<\/strong> au <strong><span style=\"text-decoration: underline;\">8 avril 2024<\/span><\/strong><\/li>\n\n\n\n<li class=\"has-small-font-size\"><strong>O\u00f9?<\/strong> <a rel=\"noreferrer noopener\" href=\"https:\/\/event.fourwaves.com\/fr\/sgkm2024\" target=\"_blank\">Sur la plateforme <\/a><a rel=\"noreferrer noopener\" href=\"https:\/\/event.fourwaves.com\/fr\/sgkm2024\" target=\"_blank\">F<\/a><a rel=\"noreferrer noopener\" href=\"https:\/\/event.fourwaves.com\/fr\/sgkm2024\" target=\"_blank\">o<\/a><a rel=\"noreferrer noopener\" href=\"https:\/\/event.fourwaves.com\/fr\/sgkm2024\" target=\"_blank\">u<\/a><a rel=\"noreferrer noopener\" href=\"https:\/\/event.fourwaves.com\/fr\/sgkm2024\" target=\"_blank\">r<\/a><a rel=\"noreferrer noopener\" href=\"https:\/\/event.fourwaves.com\/fr\/sgkm2024\" target=\"_blank\">w<\/a><a rel=\"noreferrer noopener\" href=\"https:\/\/event.fourwaves.com\/fr\/sgkm2024\" target=\"_blank\">a<\/a><a rel=\"noreferrer noopener\" href=\"https:\/\/event.fourwaves.com\/fr\/sgkm2024\" target=\"_blank\">v<\/a><a rel=\"noreferrer noopener\" href=\"https:\/\/event.fourwaves.com\/fr\/sgkm2024\" target=\"_blank\">e<\/a><a rel=\"noreferrer noopener\" href=\"https:\/\/event.fourwaves.com\/fr\/sgkm2024\" target=\"_blank\">s<\/a><a rel=\"noreferrer noopener\" href=\"https:\/\/event.fourwaves.com\/fr\/sgkm2024\" target=\"_blank\"> <\/a><\/li>\n\n\n\n<li class=\"has-small-font-size\"><strong>Qui?<\/strong> Toutes les personnes retenues pour une communication \u00e0 l\u2019issue du processus de s\u00e9lection, ainsi que celles qui souhaitent assister \u00e0 l\u2019\u00e9v\u00e9nement sans pour autant pr\u00e9senter de communication, doivent s\u2019inscrire.<\/li>\n\n\n\n<li class=\"has-small-font-size\"><strong>Frais d\u2019inscription<\/strong> :\n<ul class=\"wp-block-list\">\n<li>Inscription individuelle doctorant-e et \u00e9tudiant-e-s&nbsp;: CHF 100.-<\/li>\n\n\n\n<li>Inscription individuelle membres de la SSCM&nbsp;: CHF 140.-<\/li>\n\n\n\n<li>Inscription individuelle non-membres de la SSCM: CHF 180.-<\/li>\n\n\n\n<li>Repas anniversaire 50<sup>e<\/sup> (jeudi soir)&nbsp;: CHF 70.- (CHF 40.- pour les doctorant-e-s)<\/li>\n<\/ul>\n<\/li>\n<\/ul>\n\n\n\n<h4 class=\"wp-block-heading\" id=\"infos\" style=\"margin-top:var(--wp--preset--spacing--30);margin-bottom:var(--wp--preset--spacing--30)\"><strong>Infos pratiques<\/strong><\/h4>\n\n\n\n<h5 class=\"wp-block-heading\">Venir \u00e0 la conf\u00e9rence<\/h5>\n\n\n\n<ul class=\"wp-block-list\">\n<li class=\"has-small-font-size\"><strong>Adresse<\/strong>: Universit\u00e9 de Neuch\u00e2tel, Avenue du 1er-Mars 26 2000&nbsp;Neuch\u00e2tel, 2<sup>e<\/sup> \u00e9tage <\/li>\n\n\n\n<li class=\"has-small-font-size\"><strong>Venir \u00e0 Neuch\u00e2tel<\/strong> : en train, en voiture, \u00e0 v\u00e9lo&#8230; <a href=\"https:\/\/www.unine.ch\/unine\/home\/contact_1\/itineraires-et-transport.html#cid547d2efa-57a2-4628-9e00-29b141a73a5f\" target=\"_blank\" rel=\"noreferrer noopener\">tous les itin\u00e9raires ici<\/a><\/li>\n\n\n\n<li class=\"has-small-font-size\"><strong>H\u00e9bergement<\/strong> : \n<ul class=\"wp-block-list\">\n<li>Nous avons pr\u00e9-r\u00e9serv\u00e9 des h\u00e9bergements au sein d&#8217;h\u00f4tels et auberges de jeunesse. Merci de pr\u00e9ciser lors de votre r\u00e9servation que vous venez pour la conf\u00e9rence SGKM.<\/li>\n\n\n\n<li><a href=\"https:\/\/www.neuchatelcongres.ch\/fr\/agenda\/sgkm-2024.128.html\" target=\"_blank\" rel=\"noreferrer noopener\">consultez ici le site de r\u00e9servation<\/a> propos\u00e9 par l&#8217;office de tourisme de la ville de Neuch\u00e2tel.<\/li>\n\n\n\n<li><a href=\"https:\/\/la-tene.ch\/auberge\/\" target=\"_blank\" rel=\"noreferrer noopener\">https:\/\/la-tene.ch\/auberge\/<\/a><\/li>\n\n\n\n<li>Retrouvez \u00e9galement, l&#8217;ensemble des logements \u00e0 Neuch\u00e2tel et autour ici : <a href=\"https:\/\/www.j3l.ch\/fr\/Z10488\/neuchatel-tourisme\" target=\"_blank\" rel=\"noreferrer noopener\">https:\/\/www.j3l.ch\/fr\/Z10488\/neuchatel-tourisme<\/a><\/li>\n<\/ul>\n<\/li>\n\n\n\n<li class=\"has-small-font-size\"><strong>Ev\u00e9nement 50<sup>e<\/sup> anniversaire<\/strong> le jeudi 18 avril au soir, \u00e0 l&#8217;<a href=\"https:\/\/dupeyrou.ch\/\" target=\"_blank\" rel=\"noreferrer noopener\">H\u00f4tel du Peyrou<\/a>, \u00e0 Neuch\u00e2tel.<\/li>\n<\/ul>\n\n\n\n<h5 class=\"wp-block-heading\" id=\"contact\" style=\"margin-top:var(--wp--preset--spacing--30);margin-bottom:var(--wp--preset--spacing--30)\">Contact et information<\/h5>\n\n\n\n<ul class=\"wp-block-list\">\n<li class=\"has-small-font-size\">Mail: <a href=\"mailto:conference.sgkm2024@unine.ch\">conference.sgkm2024@unine.ch<\/a><\/li>\n\n\n\n<li class=\"has-small-font-size\">Plateforme de soumission et d\u2019inscription:&nbsp; <a href=\"https:\/\/event.fourwaves.com\/fr\/sgkm2024\" target=\"_blank\" rel=\"noreferrer noopener\">https:\/\/event.fourwaves.com\/fr\/sgkm2024<\/a><\/li>\n\n\n\n<li class=\"has-small-font-size\">R\u00e9seaux sociaux : La conf\u00e9rence fera l\u2019objet d\u2019une couverture sur les r\u00e9seaux sociaux, assur\u00e9e par les \u00e9tudiant-es des formations de l\u2019AJM : Master en journalisme et communication &#8211; <a href=\"https:\/\/www.unine.ch\/unine\/home\/formation\/masters\/sciences-economiques\/journalisme-et-communication\/communication.html\" target=\"_blank\" rel=\"noreferrer noopener\">orientation cr\u00e9ation de contenus et communication d&#8217;int\u00e9r\u00eat g\u00e9n\u00e9ral<\/a> et <a href=\"https:\/\/www.unine.ch\/unine\/home\/formation\/masters\/sciences-economiques\/journalisme-et-communication\/journalisme.html\" target=\"_blank\" rel=\"noreferrer noopener\">orientation journalisme<\/a><\/li>\n\n\n\n<li class=\"has-small-font-size\">R\u00e9seaux sociaux : La conf\u00e9rence fera l\u2019objet d\u2019une couverture sur les r\u00e9seaux sociaux, assur\u00e9e par les \u00e9tudiant-es des formations de l\u2019AJM : Master en journalisme et communication &#8211; <a href=\"https:\/\/www.unine.ch\/unine\/home\/formation\/masters\/sciences-economiques\/journalisme-et-communication\/communication.html\" target=\"_blank\" rel=\"noreferrer noopener\">orientation cr\u00e9ation de contenus et communication d&#8217;int\u00e9r\u00eat g\u00e9n\u00e9ral<\/a> et <a href=\"https:\/\/www.unine.ch\/unine\/home\/formation\/masters\/sciences-economiques\/journalisme-et-communication\/journalisme.html\" target=\"_blank\" rel=\"noreferrer noopener\">orientation journalisme<\/a><\/li>\n\n\n\n<li class=\"has-small-font-size\">#SGKM2024 et @SGKM2024 pour les derni\u00e8res informations \u00e0 jour sur la conf\u00e9rence&nbsp;<\/li>\n<\/ul>\n\n\n\n<h5 class=\"wp-block-heading\" style=\"margin-top:var(--wp--preset--spacing--30);margin-bottom:var(--wp--preset--spacing--30)\">Comit\u00e9 SCIENTIFIQUE<\/h5>\n\n\n\n<\/p>\n<ul class=\"wp-block-list\">\n\n<li class=\"has-small-font-size\">Andreas Fahr, Professor, University of Fribourg<\/li>\n\n \n\n<li class=\"has-small-font-size\">Alexandra Feddersen, Professor, University of Fribourg<\/li>\n\n \n\n<li class=\"has-small-font-size\">Thomas Friemel, Professor, University of Zurich<\/li>\n\n \n\n<li class=\"has-small-font-size\">Sara Greco, Professor, Universit\u00e0 della Svizzera Italiana<\/li>\n\n \n\n<li class=\"has-small-font-size\">Diana Ingenhoff, Professor, University of Fribourg<\/li>\n\n \n\n<li class=\"has-small-font-size\">Guido Keel, Professor, Zurich University of Applied Sciences (ZHAW)<\/li>\n\n \n\n<li class=\"has-small-font-size\">Martial Pasquier, Professor, Swiss Graduate School of Public Administration\u00a0 (IDHEAP)<\/li>\n\n \n\n<li class=\"has-small-font-size\">Colin Porlezza, Professor, Universit\u00e0 della Svizzera Italiana<\/li>\n\n \n\n<li class=\"has-small-font-size\">Manuel Puppis, Professor, University of Fribourg<\/li>\n\n \n\n<li class=\"has-small-font-size\">Linards Udris, Senior Research and Teaching Associate, University of Zurich<\/li>\n\n \n\n<li class=\"has-small-font-size\">Fran\u00e7ois Vallotton, Professor, University of Lausanne<\/li>\n\n \n\n<li class=\"has-small-font-size\">Tommaso Venturini, Professor, CNRS Centre for Internet &amp; Society<\/li>\n\n \n\n<li class=\"has-small-font-size\">Thilo Von Pape, Professor, University of Fribourg<\/li>\n\n<\/ul>\n<p>\n\n\n\n<h5 class=\"wp-block-heading\" style=\"margin-top:var(--wp--preset--spacing--30);margin-bottom:var(--wp--preset--spacing--30)\">Comit\u00e9 d\u2019organisation<\/h5>\n\n\n\n<div class=\"wp-block-media-text is-stacked-on-mobile\" style=\"grid-template-columns:15% auto\"><figure class=\"wp-block-media-text__media\"><img loading=\"lazy\" decoding=\"async\" width=\"758\" height=\"1024\" src=\"https:\/\/sgkm2024.unine.ch\/wp-content\/uploads\/2023\/10\/Portrait.A.Dubied-758x1024.jpg\" alt=\"\" class=\"wp-image-80 size-full\" srcset=\"https:\/\/sgkm2024.unine.ch\/wp-content\/uploads\/2023\/10\/Portrait.A.Dubied-758x1024.jpg 758w, https:\/\/sgkm2024.unine.ch\/wp-content\/uploads\/2023\/10\/Portrait.A.Dubied-222x300.jpg 222w, https:\/\/sgkm2024.unine.ch\/wp-content\/uploads\/2023\/10\/Portrait.A.Dubied-768x1038.jpg 768w, https:\/\/sgkm2024.unine.ch\/wp-content\/uploads\/2023\/10\/Portrait.A.Dubied-1137x1536.jpg 1137w, https:\/\/sgkm2024.unine.ch\/wp-content\/uploads\/2023\/10\/Portrait.A.Dubied-1516x2048.jpg 1516w, https:\/\/sgkm2024.unine.ch\/wp-content\/uploads\/2023\/10\/Portrait.A.Dubied-scaled.jpg 1895w\" sizes=\"auto, (max-width: 758px) 100vw, 758px\" \/><\/figure><div class=\"wp-block-media-text__content\">\n<p class=\"has-small-font-size\">Annik Dubied <\/p>\n\n\n\n<p class=\"has-small-font-size\">Professeure ordinaire, Directrice de l&#8217;AJM<\/p>\n<\/div><\/div>\n\n\n\n<div class=\"wp-block-media-text is-stacked-on-mobile\" style=\"grid-template-columns:15% auto\"><figure class=\"wp-block-media-text__media\"><img loading=\"lazy\" decoding=\"async\" width=\"768\" height=\"1024\" src=\"https:\/\/sgkm2024.unine.ch\/wp-content\/uploads\/2023\/10\/NPC_2021_couleur-1-768x1024.jpeg\" alt=\"\" class=\"wp-image-81 size-full\" srcset=\"https:\/\/sgkm2024.unine.ch\/wp-content\/uploads\/2023\/10\/NPC_2021_couleur-1-768x1024.jpeg 768w, https:\/\/sgkm2024.unine.ch\/wp-content\/uploads\/2023\/10\/NPC_2021_couleur-1-225x300.jpeg 225w, https:\/\/sgkm2024.unine.ch\/wp-content\/uploads\/2023\/10\/NPC_2021_couleur-1.jpeg 960w\" sizes=\"auto, (max-width: 768px) 100vw, 768px\" \/><\/figure><div class=\"wp-block-media-text__content\">\n<p class=\"has-small-font-size\">Nathalie Pignard-Cheynel <\/p>\n\n\n\n<p class=\"has-small-font-size\">Professeure ordinaire<\/p>\n<\/div><\/div>\n\n\n\n<div class=\"wp-block-media-text is-stacked-on-mobile\" style=\"grid-template-columns:15% auto\"><figure class=\"wp-block-media-text__media\"><a href=\"https:\/\/www.unine.ch\/ajm\/home\/professeurs-collaborateurs\/martin-vavasseur-stephanie.html\"><img loading=\"lazy\" decoding=\"async\" width=\"794\" height=\"1024\" src=\"https:\/\/sgkm2024.unine.ch\/wp-content\/uploads\/2023\/10\/MartinStphanie-794x1024.jpg\" alt=\"\" class=\"wp-image-147 size-full\" srcset=\"https:\/\/sgkm2024.unine.ch\/wp-content\/uploads\/2023\/10\/MartinStphanie-794x1024.jpg 794w, https:\/\/sgkm2024.unine.ch\/wp-content\/uploads\/2023\/10\/MartinStphanie-233x300.jpg 233w, https:\/\/sgkm2024.unine.ch\/wp-content\/uploads\/2023\/10\/MartinStphanie-768x991.jpg 768w, https:\/\/sgkm2024.unine.ch\/wp-content\/uploads\/2023\/10\/MartinStphanie.jpg 959w\" sizes=\"auto, (max-width: 794px) 100vw, 794px\" \/><\/a><\/figure><div class=\"wp-block-media-text__content\">\n<p class=\"has-small-font-size\">St\u00e9phanie Martin-Vavasseur <\/p>\n\n\n\n<p class=\"has-small-font-size\">Assistante-doctorante<\/p>\n<\/div><\/div>\n\n\n\n<div class=\"wp-block-media-text is-stacked-on-mobile\" style=\"grid-template-columns:15% auto\"><figure class=\"wp-block-media-text__media\"><a href=\"https:\/\/www.unine.ch\/ajm\/home\/professeurs-collaborateurs\/robotham-andrew.html\"><img loading=\"lazy\" decoding=\"async\" width=\"683\" height=\"1024\" src=\"https:\/\/sgkm2024.unine.ch\/wp-content\/uploads\/2023\/10\/Robotham_Andrew-683x1024.jpeg\" alt=\"\" class=\"wp-image-83 size-full\" srcset=\"https:\/\/sgkm2024.unine.ch\/wp-content\/uploads\/2023\/10\/Robotham_Andrew-683x1024.jpeg 683w, https:\/\/sgkm2024.unine.ch\/wp-content\/uploads\/2023\/10\/Robotham_Andrew-200x300.jpeg 200w, https:\/\/sgkm2024.unine.ch\/wp-content\/uploads\/2023\/10\/Robotham_Andrew-768x1151.jpeg 768w, https:\/\/sgkm2024.unine.ch\/wp-content\/uploads\/2023\/10\/Robotham_Andrew-1025x1536.jpeg 1025w, https:\/\/sgkm2024.unine.ch\/wp-content\/uploads\/2023\/10\/Robotham_Andrew-1366x2048.jpeg 1366w, https:\/\/sgkm2024.unine.ch\/wp-content\/uploads\/2023\/10\/Robotham_Andrew-scaled.jpeg 1708w\" sizes=\"auto, (max-width: 683px) 100vw, 683px\" \/><\/a><\/figure><div class=\"wp-block-media-text__content\">\n<p class=\"has-small-font-size\">Andrew Robotham <\/p>\n\n\n\n<p class=\"has-small-font-size\">Assistant post-doctorant<\/p>\n<\/div><\/div>\n\n\n\n<h4 class=\"wp-block-heading\"><strong>Calendrier<\/strong><\/h4>\n\n\n\n<figure class=\"wp-block-table is-style-regular has-small-font-size\"><table><tbody><tr><td><strong>11 d\u00e9cembre 2023<\/strong><\/td><td>Date limite d\u2019envoi des propositions (17h) sur <a href=\"https:\/\/event.fourwaves.com\/fr\/sgkm2024\" target=\"_blank\" rel=\"noreferrer noopener\">FourWaves<\/a><\/td><\/tr><tr><td><strong>31 janvier 2024<\/strong><\/td><td>Retours aux auteur-e-s<\/td><\/tr><tr><td><strong>F\u00e9vrier <\/strong><\/td><td>Diffusion du programme d\u00e9taill\u00e9 de la conf\u00e9rence<\/td><\/tr><tr><td><strong>8 avril <\/strong><\/td><td>Date limite d\u2019inscription \u00e0 la conf\u00e9rence sur <a href=\"https:\/\/event.fourwaves.com\/fr\/sgkm2024\" target=\"_blank\" rel=\"noreferrer noopener\">FourWaves<\/a><\/td><\/tr><tr><td><strong>17 avril<\/strong><\/td><td>Accueil des participants <\/td><\/tr><tr><td><strong>18 avril (soir)<\/strong><\/td><td>Ev\u00e9nement anniversaire des 50 ans de la SSCM, <a href=\"https:\/\/dupeyrou.ch\/\" target=\"_blank\" rel=\"noreferrer noopener\">H\u00f4tel du Peyrou<\/a>, Neuch\u00e2tel<\/td><\/tr><tr><td><strong>18\/19 avril<\/strong><br><\/td><td>Conf\u00e9rence annuelle \u00e0 Neuch\u00e2tel, <a href=\"https:\/\/www.unine.ch\/unine\/home\/contact_1\/localisation-des-batiments.html\" target=\"_blank\" rel=\"noreferrer noopener\">Av. du 1er Mars 26<\/a><\/td><\/tr><tr><td><strong>&nbsp;15 mars \u2013 15 mai <\/strong><\/td><td>&nbsp;<img loading=\"lazy\" decoding=\"async\" width=\"94\" height=\"44\" class=\"wp-image-62\" style=\"width: 94px;\" src=\"https:\/\/sgkm2024.unine.ch\/wp-content\/uploads\/2023\/10\/Journalistory.jpg\" alt=\"logo de Journalistory\"><br><a href=\"https:\/\/journalistory.ch\/site\/\" target=\"_blank\" rel=\"noreferrer noopener\">Exposition <em>Journalistory<\/em><\/a> \u00e0 l\u2019UniNE, <a href=\"https:\/\/www.unine.ch\/unine\/home\/contact_1\/localisation-des-batiments.html\" target=\"_blank\" rel=\"noreferrer noopener\">Av. du 1er Mars 26<\/a><\/td><\/tr><\/tbody><\/table><\/figure>\n\n\n\n<div class=\"wp-block-group has-global-padding is-layout-constrained wp-block-group-is-layout-constrained\">\n<h4 class=\"wp-block-heading has-x-large-font-size\">Appel \u00e0 communication<\/h4>\n<\/div>\n\n\n\n<ul class=\"wp-block-list\">\n<li><a href=\"https:\/\/sgkm2024.unine.ch\/wp-content\/uploads\/2023\/10\/Call-SGKM2024_fr.pdf\" target=\"_blank\" rel=\"noreferrer noopener\">Fran\u00e7ais<\/a><\/li>\n\n\n\n<li><a href=\"https:\/\/sgkm2024.unine.ch\/wp-content\/uploads\/2023\/10\/Call-SGKM2024_de.pdf\" target=\"_blank\" rel=\"noreferrer noopener\">Allemand<\/a><\/li>\n\n\n\n<li><a href=\"https:\/\/sgkm2024.unine.ch\/wp-content\/uploads\/2023\/10\/Call-SGKM2024_it.pdf\" target=\"_blank\" rel=\"noreferrer noopener\">Italien<\/a><\/li>\n\n\n\n<li><a href=\"https:\/\/sgkm2024.unine.ch\/wp-content\/uploads\/2023\/11\/Call-SGKM2024_en.pdf\" target=\"_blank\" rel=\"noreferrer noopener\">Anglais<\/a><\/li>\n<\/ul>\n\n\n\n<h4 class=\"wp-block-heading\" id=\"remerciements\" style=\"padding-top:0;padding-right:0;padding-bottom:0;padding-left:0\">Remerciements<\/h4>\n\n\n\n<p class=\"has-small-font-size\">L&#8217;Acad\u00e9mie du Journalisme et des M\u00e9dias (AJM), remercie chaleureusement les organisations qui nous ont d\u00e9j\u00e0 fourni un soutien pour accueillir la conf\u00e9rence annuelle de la SCCM:  le Groupe BNJ, le Groupe ESH, la Fondation Liliane, Rosalie et Robert Jordi pour le journalisme, Media Suisse, la RTS,  le Groupe Saint-Paul, Schweizer Medien,la Soci\u00e9t\u00e9 des alumni de l&#8217;UniNe (SAN),  le Rectorat de l&#8217;Universit\u00e9 de Neuch\u00e2tel et la Facult\u00e9 des sciences \u00e9conomiques de l&#8217;UniNE (FSE\/UniNE).<\/p>\n\n\n<p>\u00a0 \u00a0 \u00a0 \u00a0\u00a0<img loading=\"lazy\" decoding=\"async\" class=\"alignnone  wp-image-469\" src=\"https:\/\/sgkm2024.unine.ch\/wp-content\/uploads\/2024\/02\/unine_FSE_couleur_ENG-300x177.png\" alt=\"\" width=\"131\" height=\"77\" srcset=\"https:\/\/sgkm2024.unine.ch\/wp-content\/uploads\/2024\/02\/unine_FSE_couleur_ENG-300x177.png 300w, https:\/\/sgkm2024.unine.ch\/wp-content\/uploads\/2024\/02\/unine_FSE_couleur_ENG-1024x605.png 1024w, https:\/\/sgkm2024.unine.ch\/wp-content\/uploads\/2024\/02\/unine_FSE_couleur_ENG-768x454.png 768w, https:\/\/sgkm2024.unine.ch\/wp-content\/uploads\/2024\/02\/unine_FSE_couleur_ENG-1536x908.png 1536w, https:\/\/sgkm2024.unine.ch\/wp-content\/uploads\/2024\/02\/unine_FSE_couleur_ENG-2048x1211.png 2048w\" sizes=\"auto, (max-width: 131px) 100vw, 131px\" \/>\u00a0 \u00a0 \u00a0 \u00a0 <img loading=\"lazy\" decoding=\"async\" class=\"wp-image-468 alignleft\" src=\"https:\/\/sgkm2024.unine.ch\/wp-content\/uploads\/2024\/02\/unine_logo_couleur-300x128.png\" alt=\"\" width=\"131\" height=\"56\" srcset=\"https:\/\/sgkm2024.unine.ch\/wp-content\/uploads\/2024\/02\/unine_logo_couleur-300x128.png 300w, https:\/\/sgkm2024.unine.ch\/wp-content\/uploads\/2024\/02\/unine_logo_couleur-1024x438.png 1024w, https:\/\/sgkm2024.unine.ch\/wp-content\/uploads\/2024\/02\/unine_logo_couleur-768x329.png 768w, https:\/\/sgkm2024.unine.ch\/wp-content\/uploads\/2024\/02\/unine_logo_couleur-1536x657.png 1536w, https:\/\/sgkm2024.unine.ch\/wp-content\/uploads\/2024\/02\/unine_logo_couleur-2048x876.png 2048w\" sizes=\"auto, (max-width: 131px) 100vw, 131px\" \/> <img loading=\"lazy\" decoding=\"async\" class=\"alignnone  wp-image-463\" src=\"https:\/\/sgkm2024.unine.ch\/wp-content\/uploads\/2024\/02\/20151014_logo_SAN_banner-300x124.jpg\" alt=\"\" width=\"189\" height=\"78\" srcset=\"https:\/\/sgkm2024.unine.ch\/wp-content\/uploads\/2024\/02\/20151014_logo_SAN_banner-300x124.jpg 300w, https:\/\/sgkm2024.unine.ch\/wp-content\/uploads\/2024\/02\/20151014_logo_SAN_banner.jpg 485w\" sizes=\"auto, (max-width: 189px) 100vw, 189px\" \/><\/p>\n<p><img loading=\"lazy\" decoding=\"async\" class=\"alignnone  wp-image-466\" src=\"https:\/\/sgkm2024.unine.ch\/wp-content\/uploads\/2024\/02\/VSM_125-300x76.png\" alt=\"\" width=\"217\" height=\"55\" srcset=\"https:\/\/sgkm2024.unine.ch\/wp-content\/uploads\/2024\/02\/VSM_125-300x76.png 300w, https:\/\/sgkm2024.unine.ch\/wp-content\/uploads\/2024\/02\/VSM_125-768x193.png 768w, https:\/\/sgkm2024.unine.ch\/wp-content\/uploads\/2024\/02\/VSM_125.png 917w\" sizes=\"auto, (max-width: 217px) 100vw, 217px\" \/>\u00a0 \u00a0 \u00a0 \u00a0 \u00a0 <img loading=\"lazy\" decoding=\"async\" class=\"alignnone  wp-image-464\" src=\"https:\/\/sgkm2024.unine.ch\/wp-content\/uploads\/2024\/02\/mediassuisses-300x39.png\" alt=\"\" width=\"339\" height=\"44\" srcset=\"https:\/\/sgkm2024.unine.ch\/wp-content\/uploads\/2024\/02\/mediassuisses-300x39.png 300w, https:\/\/sgkm2024.unine.ch\/wp-content\/uploads\/2024\/02\/mediassuisses.png 619w\" sizes=\"auto, (max-width: 339px) 100vw, 339px\" \/><\/p>\n<p><img loading=\"lazy\" decoding=\"async\" class=\"alignnone  wp-image-465\" src=\"https:\/\/sgkm2024.unine.ch\/wp-content\/uploads\/2024\/02\/stpaul-300x38.png\" alt=\"\" width=\"340\" height=\"43\" srcset=\"https:\/\/sgkm2024.unine.ch\/wp-content\/uploads\/2024\/02\/stpaul-300x38.png 300w, https:\/\/sgkm2024.unine.ch\/wp-content\/uploads\/2024\/02\/stpaul.png 600w\" sizes=\"auto, (max-width: 340px) 100vw, 340px\" \/> \u00a0 \u00a0 \u00a0<img loading=\"lazy\" decoding=\"async\" class=\"alignnone  wp-image-462\" src=\"https:\/\/sgkm2024.unine.ch\/wp-content\/uploads\/2024\/02\/logo_ESH_2017_site.png\" alt=\"\" width=\"256\" height=\"58\" \/><\/p>\n<p>\u00a0<img loading=\"lazy\" decoding=\"async\" class=\"alignnone  wp-image-471\" src=\"https:\/\/sgkm2024.unine.ch\/wp-content\/uploads\/2024\/02\/9jxnaz-26119260-300x300.jpeg\" alt=\"\" width=\"159\" height=\"159\" srcset=\"https:\/\/sgkm2024.unine.ch\/wp-content\/uploads\/2024\/02\/9jxnaz-26119260-300x300.jpeg 300w, https:\/\/sgkm2024.unine.ch\/wp-content\/uploads\/2024\/02\/9jxnaz-26119260-150x150.jpeg 150w, https:\/\/sgkm2024.unine.ch\/wp-content\/uploads\/2024\/02\/9jxnaz-26119260.jpeg 640w\" sizes=\"auto, (max-width: 159px) 100vw, 159px\" \/>\u00a0 \u00a0 \u00a0 \u00a0 \u00a0<img loading=\"lazy\" decoding=\"async\" class=\"alignnone  wp-image-467\" src=\"https:\/\/sgkm2024.unine.ch\/wp-content\/uploads\/2024\/02\/logoBNJ-2-183x300.png\" alt=\"\" width=\"128\" height=\"210\" srcset=\"https:\/\/sgkm2024.unine.ch\/wp-content\/uploads\/2024\/02\/logoBNJ-2-183x300.png 183w, https:\/\/sgkm2024.unine.ch\/wp-content\/uploads\/2024\/02\/logoBNJ-2.png 472w\" sizes=\"auto, (max-width: 128px) 100vw, 128px\" \/>\u00a0 \u00a0 \u00a0 <img loading=\"lazy\" decoding=\"async\" class=\"alignnone  wp-image-508\" src=\"https:\/\/sgkm2024.unine.ch\/wp-content\/uploads\/2024\/03\/BJJ-1-300x112.jpg\" alt=\"\" width=\"273\" height=\"102\" srcset=\"https:\/\/sgkm2024.unine.ch\/wp-content\/uploads\/2024\/03\/BJJ-1-300x112.jpg 300w, https:\/\/sgkm2024.unine.ch\/wp-content\/uploads\/2024\/03\/BJJ-1.jpg 367w\" sizes=\"auto, (max-width: 273px) 100vw, 273px\" \/><\/p>\n\n\n<div class=\"wp-block-columns is-layout-flex wp-container-core-columns-is-layout-28f84493 wp-block-columns-is-layout-flex\">\n<div class=\"wp-block-column is-layout-flow wp-block-column-is-layout-flow\" style=\"flex-basis:100%\"><\/div>\n<\/div>\n\n\n\n<p>La conf\u00e9rence du cinquantenaire de la SSCM privil\u00e9giera, autant que faire se peut, du mat\u00e9riel et des proc\u00e9dures \u00ab&nbsp;qui favorise[nt] la solidarit\u00e9 et respect[nt] l\u2019environnement&nbsp;\u00bb, conform\u00e9ment \u00e0 <a href=\"https:\/\/www.unine.ch\/durable\/home.html\" target=\"_blank\" rel=\"noreferrer noopener\">la politique de l\u2019institution-h\u00f4te de 2024, l\u2019Universit\u00e9 de Neuch\u00e2tel.<\/a><\/p>\n\n\n\n<figure class=\"wp-block-image alignfull size-large\"><img loading=\"lazy\" decoding=\"async\" width=\"1713\" height=\"963\" src=\"https:\/\/sgkm2024.unine.ch\/wp-content\/uploads\/2023\/10\/Universite_neuchatel-1-edited.jpeg\" alt=\"\" class=\"wp-image-247\" srcset=\"https:\/\/sgkm2024.unine.ch\/wp-content\/uploads\/2023\/10\/Universite_neuchatel-1-edited.jpeg 1713w, https:\/\/sgkm2024.unine.ch\/wp-content\/uploads\/2023\/10\/Universite_neuchatel-1-edited-300x169.jpeg 300w, https:\/\/sgkm2024.unine.ch\/wp-content\/uploads\/2023\/10\/Universite_neuchatel-1-edited-1024x576.jpeg 1024w, https:\/\/sgkm2024.unine.ch\/wp-content\/uploads\/2023\/10\/Universite_neuchatel-1-edited-768x432.jpeg 768w, https:\/\/sgkm2024.unine.ch\/wp-content\/uploads\/2023\/10\/Universite_neuchatel-1-edited-1536x863.jpeg 1536w\" sizes=\"auto, (max-width: 1713px) 100vw, 1713px\" \/><figcaption class=\"wp-element-caption\">Universit\u00e9 de Neuch\u00e2tel<\/figcaption><\/figure>\n\n\n\n<div class=\"wp-block-columns alignfull has-text-color has-background is-layout-flex wp-container-core-columns-is-layout-28f84493 wp-block-columns-is-layout-flex\" style=\"color:#000000;background-color:#ffffff\">\n<div class=\"wp-block-column is-layout-flow wp-block-column-is-layout-flow\">\n<h3 class=\"wp-block-heading\" style=\"font-size:clamp(15.747px, 0.984rem + ((1vw - 3.2px) * 0.938), 24px);line-height:1.3\"><strong><a href=\"https:\/\/sgkm.ch\" target=\"_blank\" rel=\"noreferrer noopener\">SSCM \/ SGKM \u2197<\/a><\/strong><\/h3>\n\n\n\n<p class=\"has-small-font-size\">Tout savoir sur la Soci\u00e9t\u00e9 suisse des sciences de la communication et des m\u00e9dias.<\/p>\n<\/div>\n\n\n\n<div class=\"wp-block-column is-layout-flow wp-block-column-is-layout-flow\">\n<h3 class=\"wp-block-heading\" style=\"font-size:clamp(15.747px, 0.984rem + ((1vw - 3.2px) * 0.938), 24px);line-height:1.3\"><strong><a href=\"https:\/\/www.unine.ch\/ajm\" target=\"_blank\" rel=\"noreferrer noopener\">AJM \/ UniNE \u2197<\/a><\/strong><\/h3>\n\n\n\n<p class=\"has-small-font-size\">Site de l&#8217;Acad\u00e9mie du journalisme et des m\u00e9dias au sein de l&#8217;Universit\u00e9 de Neuch\u00e2tel.<\/p>\n<\/div>\n\n\n\n<div class=\"wp-block-column is-layout-flow wp-block-column-is-layout-flow\">\n<h3 class=\"wp-block-heading\" style=\"font-size:clamp(15.747px, 0.984rem + ((1vw - 3.2px) * 0.938), 24px);line-height:1.3\"><strong><a href=\"https:\/\/event.fourwaves.com\/fr\/sgkm2024\/\" target=\"_blank\" rel=\"noreferrer noopener\">Fourwaves \u2197<\/a><\/strong><\/h3>\n\n\n\n<p class=\"has-small-font-size\">S&#8217;inscrire, soumettre une proposition de communication, d\u00e9couvrir le programme.<\/p>\n<\/div>\n<\/div>\n","protected":false},"excerpt":{"rendered":"<p>Universit\u00e9 de Neuch\u00e2tel18 et 19 avril 2024 Durabilit\u00e9 et r\u00e9silience dans la communication et les m\u00e9dias Le journalisme, les m\u00e9dias et la communication font face \u00e0 des d\u00e9fis majeurs : crises politiques, soci\u00e9tales, \u00e9cologiques, internationales ou \u00e9conomiques, \u00e9mergence de technologies disruptives ou encore multiplication des plateformes de diffusion chamboulent leurs conditions d\u2019exercice. Le champ de [&hellip;]<\/p>\n","protected":false},"author":1,"featured_media":512,"parent":0,"menu_order":1,"comment_status":"closed","ping_status":"open","template":"","meta":{"footnotes":""},"class_list":["post-2","page","type-page","status-publish","has-post-thumbnail","hentry"],"_links":{"self":[{"href":"https:\/\/sgkm2024.unine.ch\/index.php?rest_route=\/wp\/v2\/pages\/2","targetHints":{"allow":["GET"]}}],"collection":[{"href":"https:\/\/sgkm2024.unine.ch\/index.php?rest_route=\/wp\/v2\/pages"}],"about":[{"href":"https:\/\/sgkm2024.unine.ch\/index.php?rest_route=\/wp\/v2\/types\/page"}],"author":[{"embeddable":true,"href":"https:\/\/sgkm2024.unine.ch\/index.php?rest_route=\/wp\/v2\/users\/1"}],"replies":[{"embeddable":true,"href":"https:\/\/sgkm2024.unine.ch\/index.php?rest_route=%2Fwp%2Fv2%2Fcomments&post=2"}],"version-history":[{"count":155,"href":"https:\/\/sgkm2024.unine.ch\/index.php?rest_route=\/wp\/v2\/pages\/2\/revisions"}],"predecessor-version":[{"id":545,"href":"https:\/\/sgkm2024.unine.ch\/index.php?rest_route=\/wp\/v2\/pages\/2\/revisions\/545"}],"wp:featuredmedia":[{"embeddable":true,"href":"https:\/\/sgkm2024.unine.ch\/index.php?rest_route=\/wp\/v2\/media\/512"}],"wp:attachment":[{"href":"https:\/\/sgkm2024.unine.ch\/index.php?rest_route=%2Fwp%2Fv2%2Fmedia&parent=2"}],"curies":[{"name":"wp","href":"https:\/\/api.w.org\/{rel}","templated":true}]}}